{"id":38,"date":"2023-05-02T12:15:54","date_gmt":"2023-05-02T12:15:54","guid":{"rendered":"https:\/\/www.kchw.fr\/?page_id=38"},"modified":"2025-09-19T13:40:32","modified_gmt":"2025-09-19T13:40:32","slug":"horaires","status":"publish","type":"page","link":"https:\/\/www.kchw.fr\/?page_id=38","title":{"rendered":"Horaires"},"content":{"rendered":"\t\t<div data-elementor-type=\"wp-page\" data-elementor-id=\"38\" class=\"elementor elementor-38\">\n\t\t\t\t\t\t\t\t\t<section class=\"elementor-section elementor-top-section elementor-element elementor-element-74f5b02c elementor-section-height-min-height elementor-section-items-stretch elementor-section-content-bottom elementor-section-boxed elementor-section-height-default\" data-id=\"74f5b02c\" data-element_type=\"section\" data-settings=\"{&quot;background_background&quot;:&quot;classic&quot;}\">\n\t\t\t\t\t\t\t<div class=\"elementor-background-overlay\"><\/div>\n\t\t\t\t\t\t\t<div class=\"elementor-container elementor-column-gap-default\">\n\t\t\t\t\t<div class=\"elementor-column elementor-col-100 elementor-top-column elementor-element elementor-element-2249c13d\" data-id=\"2249c13d\" data-element_type=\"column\">\n\t\t\t<div class=\"elementor-widget-wrap elementor-element-populated\">\n\t\t\t\t\t\t\t\t<section class=\"elementor-section elementor-inner-section elementor-element elementor-element-7d46f23 elementor-section-boxed elementor-section-height-default elementor-section-height-default elementor-invisible\" data-id=\"7d46f23\" data-element_type=\"section\" data-settings=\"{&quot;animation&quot;:&quot;fadeIn&quot;,&quot;animation_delay&quot;:400}\">\n\t\t\t\t\t\t<div class=\"elementor-container elementor-column-gap-narrow\">\n\t\t\t\t\t<div class=\"elementor-column elementor-col-100 elementor-inner-column elementor-element elementor-element-66efaca\" data-id=\"66efaca\" data-element_type=\"column\">\n\t\t\t<div class=\"elementor-widget-wrap elementor-element-populated\">\n\t\t\t\t\t\t\t\t<div class=\"elementor-element elementor-element-a54fed7 elementor-widget-mobile__width-initial elementor-widget__width-initial elementor-widget elementor-widget-heading\" data-id=\"a54fed7\" data-element_type=\"widget\" data-widget_type=\"heading.default\">\n\t\t\t\t<div class=\"elementor-widget-container\">\n\t\t\t<style>\/*! elementor - v3.13.2 - 11-05-2023 *\/\n.elementor-heading-title{padding:0;margin:0;line-height:1}.elementor-widget-heading .elementor-heading-title[class*=elementor-size-]>a{color:inherit;font-size:inherit;line-height:inherit}.elementor-widget-heading .elementor-heading-title.elementor-size-small{font-size:15px}.elementor-widget-heading .elementor-heading-title.elementor-size-medium{font-size:19px}.elementor-widget-heading .elementor-heading-title.elementor-size-large{font-size:29px}.elementor-widget-heading .elementor-heading-title.elementor-size-xl{font-size:39px}.elementor-widget-heading .elementor-heading-title.elementor-size-xxl{font-size:59px}<\/style><h2 class=\"elementor-heading-title elementor-size-default\">Horaires<\/h2>\t\t<\/div>\n\t\t\t\t<\/div>\n\t\t\t\t<div class=\"elementor-element elementor-element-a9fc60d elementor-align-center elementor-mobile-align-justify elementor-widget__width-initial elementor-widget-mobile__width-initial elementor-widget elementor-widget-button\" data-id=\"a9fc60d\" data-element_type=\"widget\" data-widget_type=\"button.default\">\n\t\t\t\t<div class=\"elementor-widget-container\">\n\t\t\t\t\t<div class=\"elementor-button-wrapper\">\n\t\t\t<a href=\"https:\/\/www.kchw.fr\/?page_id=36\" class=\"elementor-button-link elementor-button elementor-size-md\" role=\"button\">\n\t\t\t\t\t\t<span class=\"elementor-button-content-wrapper\">\n\t\t\t\t\t\t<span class=\"elementor-button-text\">Contact<\/span>\n\t\t<\/span>\n\t\t\t\t\t<\/a>\n\t\t<\/div>\n\t\t\t\t<\/div>\n\t\t\t\t<\/div>\n\t\t\t\t\t<\/div>\n\t\t<\/div>\n\t\t\t\t\t\t\t<\/div>\n\t\t<\/section>\n\t\t\t\t\t<\/div>\n\t\t<\/div>\n\t\t\t\t\t\t\t<\/div>\n\t\t<\/section>\n\t\t\t\t<section class=\"elementor-section elementor-top-section elementor-element elementor-element-6c9dc5f elementor-section-boxed elementor-section-height-default elementor-section-height-default\" data-id=\"6c9dc5f\" data-element_type=\"section\" data-settings=\"{&quot;shape_divider_top&quot;:&quot;opacity-fan&quot;}\">\n\t\t\t\t\t<div class=\"elementor-shape elementor-shape-top\" data-negative=\"false\">\n\t\t\t<svg xmlns=\"http:\/\/www.w3.org\/2000\/svg\" viewBox=\"0 0 283.5 19.6\" preserveAspectRatio=\"none\">\n\t<path class=\"elementor-shape-fill\" style=\"opacity:0.33\" d=\"M0 0L0 18.8 141.8 4.1 283.5 18.8 283.5 0z\"\/>\n\t<path class=\"elementor-shape-fill\" style=\"opacity:0.33\" d=\"M0 0L0 12.6 141.8 4 283.5 12.6 283.5 0z\"\/>\n\t<path class=\"elementor-shape-fill\" style=\"opacity:0.33\" d=\"M0 0L0 6.4 141.8 4 283.5 6.4 283.5 0z\"\/>\n\t<path class=\"elementor-shape-fill\" d=\"M0 0L0 1.2 141.8 4 283.5 1.2 283.5 0z\"\/>\n<\/svg>\t\t<\/div>\n\t\t\t\t\t<div class=\"elementor-container elementor-column-gap-default\">\n\t\t\t\t\t<div class=\"elementor-column elementor-col-100 elementor-top-column elementor-element elementor-element-64c4305\" data-id=\"64c4305\" data-element_type=\"column\">\n\t\t\t<div class=\"elementor-widget-wrap elementor-element-populated\">\n\t\t\t\t\t\t\t\t<div class=\"elementor-element elementor-element-fc88cde elementor-widget elementor-widget-heading\" data-id=\"fc88cde\" data-element_type=\"widget\" data-widget_type=\"heading.default\">\n\t\t\t\t<div class=\"elementor-widget-container\">\n\t\t\t<h2 class=\"elementor-heading-title elementor-size-default\">Les cours<\/h2>\t\t<\/div>\n\t\t\t\t<\/div>\n\t\t\t\t<div class=\"elementor-element elementor-element-adcff69 elementor-widget elementor-widget-text-editor\" data-id=\"adcff69\" data-element_type=\"widget\" data-widget_type=\"text-editor.default\">\n\t\t\t\t<div class=\"elementor-widget-container\">\n\t\t\t<style>\/*! elementor - v3.13.2 - 11-05-2023 *\/\n.elementor-widget-text-editor.elementor-drop-cap-view-stacked .elementor-drop-cap{background-color:#69727d;color:#fff}.elementor-widget-text-editor.elementor-drop-cap-view-framed .elementor-drop-cap{color:#69727d;border:3px solid;background-color:transparent}.elementor-widget-text-editor:not(.elementor-drop-cap-view-default) .elementor-drop-cap{margin-top:8px}.elementor-widget-text-editor:not(.elementor-drop-cap-view-default) .elementor-drop-cap-letter{width:1em;height:1em}.elementor-widget-text-editor .elementor-drop-cap{float:left;text-align:center;line-height:1;font-size:50px}.elementor-widget-text-editor .elementor-drop-cap-letter{display:inline-block}<\/style>\t\t\t\t<p>Les cours ont lieu au dojo de la salle Alfred Kastler &#8211; 9 rue de Lorraine &#8211; 68180 Horbourg-Wihr (<a href=\"https:\/\/goo.gl\/maps\/cnBz1vtbvLzsAqSf9\">plan<\/a>)<\/p>\n<p><strong>BABY KARATE&nbsp; (<a href=\"https:\/\/www.payasso.fr\/karate-club-de-horbourg-wihr\/boutique\" target=\"_blank\" rel=\"noopener\">inscription en ligne<\/a>)<\/strong><br><span style=\"font-style: inherit; font-weight: inherit; background-color: var(--ast-global-color-5);\">Enfants n\u00e9s en 2020 et 2021 :&nbsp; mardi de 17h00 \u00e0 17h45&nbsp;<br><\/span><span style=\"font-style: inherit; font-weight: inherit; background-color: var(--ast-global-color-5);\">A partir du mardi 9 septembre 2025<\/span><\/p>\n<p><strong>COURS ENFANTS&nbsp; (<a href=\"https:\/\/www.payasso.fr\/karate-club-de-horbourg-wihr\/boutique\" target=\"_blank\" rel=\"noopener\">inscription en ligne<\/a>)<\/strong><br><span style=\"font-style: inherit; font-weight: inherit; background-color: var(--ast-global-color-5);\">&#8211; Enfants n\u00e9s en 2019 &#8211; 2018 et 2017 (d\u00e9butants &#8211; ceinture blanche\/jaune &#8211; ceinture jaune) : mercredi 13h30 \u00e0 14h30 et samedi 13h30 \u00e0 14h30<br><\/span><span style=\"font-style: inherit; font-weight: inherit; background-color: var(--ast-global-color-5);\">&#8211; Enfants n\u00e9s 2017 (ceinture jaune-orange) &#8211; 2016 &#8211; 2015&nbsp; :&nbsp; mercredi de 14h30 \u00e0 15h30 et samedi 14h30 \u00e0 15h30<br><\/span><span style=\"font-style: inherit; font-weight: inherit; background-color: var(--ast-global-color-5);\">&#8211; Enfants n\u00e9s 2014 \u00e0 2008:&nbsp; mercredi 16h30 \u00e0 17h30&nbsp; et samedi 16h30 \u00e0 17h30 (ou cours adultes \u00e0 partir de 14 ans)<br><\/span><span style=\"font-style: inherit; font-weight: inherit; background-color: var(--ast-global-color-5);\">A partir du mercredi 3 septembre 2025 <\/span><\/p>\n<p><strong>COURS ADULTES (\u00e0 partir de 14 ans)&nbsp;&nbsp;<\/strong> <strong>(<a href=\"https:\/\/www.payasso.fr\/karate-club-de-horbourg-wihr\/boutique\" target=\"_blank\" rel=\"noopener\">inscription en ligne<\/a>)<\/strong><\/p>\n<p>Lundi 20h \u00e0 21h45 et jeudi 20h00 \u00e0 21h45<br><span style=\"font-style: inherit; font-weight: inherit; background-color: var(--ast-global-color-5);\">A partir du jeudi 4 septembre 2025 <\/span><\/p><p><span style=\"font-style: inherit; font-weight: inherit; background-color: var(--ast-global-color-5);\">Le Club est adh\u00e9rent au dispositif PASS SPORT.&nbsp;<\/span><\/p>\t\t\t\t\t\t<\/div>\n\t\t\t\t<\/div>\n\t\t\t\t\t<\/div>\n\t\t<\/div>\n\t\t\t\t\t\t\t<\/div>\n\t\t<\/section>\n\t\t\t\t<section class=\"elementor-section elementor-top-section elementor-element elementor-element-1f0d85a elementor-section-boxed elementor-section-height-default elementor-section-height-default\" data-id=\"1f0d85a\" data-element_type=\"section\">\n\t\t\t\t\t\t<div class=\"elementor-container elementor-column-gap-default\">\n\t\t\t\t\t<div class=\"elementor-column elementor-col-50 elementor-top-column elementor-element elementor-element-0b5486f\" data-id=\"0b5486f\" data-element_type=\"column\">\n\t\t\t<div class=\"elementor-widget-wrap elementor-element-populated\">\n\t\t\t\t\t\t\t\t<div class=\"elementor-element elementor-element-32041c1 elementor-widget elementor-widget-text-editor\" data-id=\"32041c1\" data-element_type=\"widget\" data-widget_type=\"text-editor.default\">\n\t\t\t\t<div class=\"elementor-widget-container\">\n\t\t\t\t\t\t\t<p><strong>KARATE SANTE (<a href=\"https:\/\/www.payasso.fr\/karate-club-de-horbourg-wihr\/boutique\" target=\"_blank\" rel=\"noopener\">inscription en ligne<\/a>)<\/strong><\/p><p>Lundi 10h \u00e0 11h<\/p><p>A partir du lundi 1 septembre 2025<\/p>\t\t\t\t\t\t<\/div>\n\t\t\t\t<\/div>\n\t\t\t\t\t<\/div>\n\t\t<\/div>\n\t\t\t\t<div class=\"elementor-column elementor-col-50 elementor-top-column elementor-element elementor-element-b6b0af5\" data-id=\"b6b0af5\" data-element_type=\"column\">\n\t\t\t<div class=\"elementor-widget-wrap elementor-element-populated\">\n\t\t\t\t\t\t\t\t<div class=\"elementor-element elementor-element-60639e8 elementor-widget elementor-widget-text-editor\" data-id=\"60639e8\" data-element_type=\"widget\" data-widget_type=\"text-editor.default\">\n\t\t\t\t<div class=\"elementor-widget-container\">\n\t\t\t\t\t\t\t<p><strong>PREPARATION A LA COMPETITION<\/strong><\/p><p>&#8211; Kata: mercredi de 15h30 \u00e0 16h30 <em>(poussins &#8211; pupilles &#8211; benjamins)<\/em>\u00a0\/ samedi de 17h30 \u00e0 19h\u00a0<em>(minimes \u00e0 seniors)<\/em>\u00a0et lundi 18h30 \u00e0 19h30\u00a0<em>(toutes cat\u00e9gories)<\/em><\/p><p>&#8211; Combat: mardi 17h45 &#8211; 19h00\u00a0 et samedi\u00a0 15h30 &#8211; 16h30 <em>(toutes cat\u00e9gories d&rsquo;\u00e2ge)<\/em><\/p>\t\t\t\t\t\t<\/div>\n\t\t\t\t<\/div>\n\t\t\t\t\t<\/div>\n\t\t<\/div>\n\t\t\t\t\t\t\t<\/div>\n\t\t<\/section>\n\t\t\t\t<section class=\"elementor-section elementor-top-section elementor-element elementor-element-d46740a elementor-section-boxed elementor-section-height-default elementor-section-height-default\" data-id=\"d46740a\" data-element_type=\"section\">\n\t\t\t\t\t\t<div class=\"elementor-container elementor-column-gap-default\">\n\t\t\t\t\t<div class=\"elementor-column elementor-col-100 elementor-top-column elementor-element elementor-element-7450c0b\" data-id=\"7450c0b\" data-element_type=\"column\">\n\t\t\t<div class=\"elementor-widget-wrap elementor-element-populated\">\n\t\t\t\t\t\t\t\t<div class=\"elementor-element elementor-element-7bd33d1 elementor-widget elementor-widget-text-editor\" data-id=\"7bd33d1\" data-element_type=\"widget\" data-widget_type=\"text-editor.default\">\n\t\t\t\t<div class=\"elementor-widget-container\">\n\t\t\t\t\t\t\t<p><b>INSCRIPTION<br \/><\/b><span style=\"font-style: inherit; font-weight: inherit; background-color: var(--ast-global-color-5);\">les inscriptions et le paiement se feront en ligne. En cas de difficult\u00e9s, veuillez nous contacter<br \/><\/span><span style=\"font-style: inherit; font-weight: inherit; background-color: var(--ast-global-color-5);\">Tout karat\u00e9ka souhaitant participer aux comp\u00e9titions doit \u00eatre muni d&rsquo;un passeport sportif en r\u00e8gle (deux timbres de licence minimum dont celui de la saison en cours) et d&rsquo;une autorisation parentale pour les mineurs.<\/span><\/p><p><strong>RENSEIGNEMENTS<\/strong><\/p><table><tbody><tr><td><p>Fanny Carbonnel<br \/>06.62.02.68.13<br \/><a href=\"mailto:carbonnel.fanny@gmail.com\">carbonnel.fanny@gmail.com<\/a><\/p><\/td><td><p>Niederberger JM<br \/>06.76.19.95.59<br \/><a href=\"mailto:jm.niederberger@wanadoo.fr\">jm.niederberger@wanadoo.fr<\/a><\/p><\/td><\/tr><\/tbody><\/table>\t\t\t\t\t\t<\/div>\n\t\t\t\t<\/div>\n\t\t\t\t\t<\/div>\n\t\t<\/div>\n\t\t\t\t\t\t\t<\/div>\n\t\t<\/section>\n\t\t\t\t<section class=\"elementor-section elementor-top-section elementor-element elementor-element-b747473 elementor-section-boxed elementor-section-height-default elementor-section-height-default\" data-id=\"b747473\" data-element_type=\"section\">\n\t\t\t\t\t\t<div class=\"elementor-container elementor-column-gap-default\">\n\t\t\t\t\t<div class=\"elementor-column elementor-col-100 elementor-top-column elementor-element elementor-element-8f8c9bd\" data-id=\"8f8c9bd\" data-element_type=\"column\">\n\t\t\t<div class=\"elementor-widget-wrap elementor-element-populated\">\n\t\t\t\t\t\t\t\t<div class=\"elementor-element elementor-element-fd21676 elementor-widget elementor-widget-text-editor\" data-id=\"fd21676\" data-element_type=\"widget\" data-widget_type=\"text-editor.default\">\n\t\t\t\t<div class=\"elementor-widget-container\">\n\t\t\t\t\t\t\t<h3 style=\"text-align: center;\"><strong>BOUTIQUE du KCHW<\/strong><\/h3><p style=\"text-align: center;\">Achats en ligne de kimonos et de gants de protection<br \/><a href=\"https:\/\/www.payasso.fr\/karate-club-dhorbourg-wihr\/kimono\" target=\"_blank\" rel=\"noopener\">Cliquer ici<\/a><\/p>\t\t\t\t\t\t<\/div>\n\t\t\t\t<\/div>\n\t\t\t\t\t<\/div>\n\t\t<\/div>\n\t\t\t\t\t\t\t<\/div>\n\t\t<\/section>\n\t\t\t\t\t\t\t<\/div>\n\t\t","protected":false},"excerpt":{"rendered":"<p>Horaires Contact Les cours Les cours ont lieu au dojo de la salle Alfred Kastler &#8211; 9 rue de Lorraine &#8211; 68180 Horbourg-Wihr (plan) BABY KARATE&nbsp; (inscription en ligne)Enfants n\u00e9s en 2020 et 2021 :&nbsp; mardi de 17h00 \u00e0 17h45&nbsp;A partir du mardi 9 septembre 2025 COURS ENFANTS&nbsp; (inscription en ligne)&#8211; Enfants n\u00e9s en 2019 &hellip;<\/p>\n<p class=\"read-more\"> <a class=\"\" href=\"https:\/\/www.kchw.fr\/?page_id=38\"> <span class=\"screen-reader-text\">Horaires<\/span> Lire la suite\u00a0\u00bb<\/a><\/p>\n","protected":false},"author":1,"featured_media":0,"parent":0,"menu_order":0,"comment_status":"closed","ping_status":"closed","template":"","meta":{"site-sidebar-layout":"no-sidebar","site-content-layout":"page-builder","ast-global-header-display":"","ast-main-header-display":"","ast-hfb-above-header-display":"","ast-hfb-below-header-display":"","ast-hfb-mobile-header-display":"","site-post-title":"disabled","ast-breadcrumbs-content":"","ast-featured-img":"disabled","footer-sml-layout":"","theme-transparent-header-meta":"","adv-header-id-meta":"","stick-header-meta":"","header-above-stick-meta":"","header-main-stick-meta":"","header-below-stick-meta":"","footnotes":""},"class_list":["post-38","page","type-page","status-publish","hentry"],"yoast_head":"<!-- This site is optimized with the Yoast SEO plugin v20.7 - https:\/\/yoast.com\/wordpress\/plugins\/seo\/ -->\n<title>Horaires - Club de karat\u00e9 Horbourg-Wihr, Colmar<\/title>\n<meta name=\"robots\" content=\"index, follow, max-snippet:-1, max-image-preview:large, max-video-preview:-1\" \/>\n<link rel=\"canonical\" href=\"https:\/\/www.kchw.fr\/?page_id=38\" \/>\n<meta property=\"og:locale\" content=\"fr_FR\" \/>\n<meta property=\"og:type\" content=\"article\" \/>\n<meta property=\"og:title\" content=\"Horaires - Club de karat\u00e9 Horbourg-Wihr, Colmar\" \/>\n<meta property=\"og:description\" content=\"Horaires Contact Les cours Les cours ont lieu au dojo de la salle Alfred Kastler &#8211; 9 rue de Lorraine &#8211; 68180 Horbourg-Wihr (plan) BABY KARATE&nbsp; (inscription en ligne)Enfants n\u00e9s en 2020 et 2021 :&nbsp; mardi de 17h00 \u00e0 17h45&nbsp;A partir du mardi 9 septembre 2025 COURS ENFANTS&nbsp; (inscription en ligne)&#8211; Enfants n\u00e9s en 2019 &hellip; Horaires Lire la suite\u00a0\u00bb\" \/>\n<meta property=\"og:url\" content=\"https:\/\/www.kchw.fr\/?page_id=38\" \/>\n<meta property=\"og:site_name\" content=\"Club de karat\u00e9 Horbourg-Wihr, Colmar\" \/>\n<meta property=\"article:modified_time\" content=\"2025-09-19T13:40:32+00:00\" \/>\n<meta name=\"twitter:card\" content=\"summary_large_image\" \/>\n<meta name=\"twitter:label1\" content=\"Dur\u00e9e de lecture estim\u00e9e\" \/>\n\t<meta name=\"twitter:data1\" content=\"2 minutes\" \/>\n<script type=\"application\/ld+json\" class=\"yoast-schema-graph\">{\"@context\":\"https:\/\/schema.org\",\"@graph\":[{\"@type\":\"WebPage\",\"@id\":\"https:\/\/www.kchw.fr\/?page_id=38\",\"url\":\"https:\/\/www.kchw.fr\/?page_id=38\",\"name\":\"Horaires - Club de karat\u00e9 Horbourg-Wihr, Colmar\",\"isPartOf\":{\"@id\":\"https:\/\/www.kchw.fr\/#website\"},\"datePublished\":\"2023-05-02T12:15:54+00:00\",\"dateModified\":\"2025-09-19T13:40:32+00:00\",\"breadcrumb\":{\"@id\":\"https:\/\/www.kchw.fr\/?page_id=38#breadcrumb\"},\"inLanguage\":\"fr-FR\",\"potentialAction\":[{\"@type\":\"ReadAction\",\"target\":[\"https:\/\/www.kchw.fr\/?page_id=38\"]}]},{\"@type\":\"BreadcrumbList\",\"@id\":\"https:\/\/www.kchw.fr\/?page_id=38#breadcrumb\",\"itemListElement\":[{\"@type\":\"ListItem\",\"position\":1,\"name\":\"Accueil\",\"item\":\"https:\/\/www.kchw.fr\/\"},{\"@type\":\"ListItem\",\"position\":2,\"name\":\"Horaires\"}]},{\"@type\":\"WebSite\",\"@id\":\"https:\/\/www.kchw.fr\/#website\",\"url\":\"https:\/\/www.kchw.fr\/\",\"name\":\"Club de karat\u00e9 Horbourg-Wihr, Colmar\",\"description\":\"Club de karat\u00e9  Horbourg-Wihr, Colmar\",\"publisher\":{\"@id\":\"https:\/\/www.kchw.fr\/#organization\"},\"potentialAction\":[{\"@type\":\"SearchAction\",\"target\":{\"@type\":\"EntryPoint\",\"urlTemplate\":\"https:\/\/www.kchw.fr\/?s={search_term_string}\"},\"query-input\":\"required name=search_term_string\"}],\"inLanguage\":\"fr-FR\"},{\"@type\":\"Organization\",\"@id\":\"https:\/\/www.kchw.fr\/#organization\",\"name\":\"Club de karat\u00e9 Horbourg-Wihr, Colmar\",\"url\":\"https:\/\/www.kchw.fr\/\",\"logo\":{\"@type\":\"ImageObject\",\"inLanguage\":\"fr-FR\",\"@id\":\"https:\/\/www.kchw.fr\/#\/schema\/logo\/image\/\",\"url\":\"https:\/\/www.kchw.fr\/wp-content\/uploads\/2023\/05\/logo.png\",\"contentUrl\":\"https:\/\/www.kchw.fr\/wp-content\/uploads\/2023\/05\/logo.png\",\"width\":156,\"height\":40,\"caption\":\"Club de karat\u00e9  Horbourg-Wihr, Colmar\"},\"image\":{\"@id\":\"https:\/\/www.kchw.fr\/#\/schema\/logo\/image\/\"}}]}<\/script>\n<!-- \/ Yoast SEO plugin. -->","yoast_head_json":{"title":"Horaires - Club de karat\u00e9 Horbourg-Wihr, Colmar","robots":{"index":"index","follow":"follow","max-snippet":"max-snippet:-1","max-image-preview":"max-image-preview:large","max-video-preview":"max-video-preview:-1"},"canonical":"https:\/\/www.kchw.fr\/?page_id=38","og_locale":"fr_FR","og_type":"article","og_title":"Horaires - Club de karat\u00e9 Horbourg-Wihr, Colmar","og_description":"Horaires Contact Les cours Les cours ont lieu au dojo de la salle Alfred Kastler &#8211; 9 rue de Lorraine &#8211; 68180 Horbourg-Wihr (plan) BABY KARATE&nbsp; (inscription en ligne)Enfants n\u00e9s en 2020 et 2021 :&nbsp; mardi de 17h00 \u00e0 17h45&nbsp;A partir du mardi 9 septembre 2025 COURS ENFANTS&nbsp; (inscription en ligne)&#8211; Enfants n\u00e9s en 2019 &hellip; Horaires Lire la suite\u00a0\u00bb","og_url":"https:\/\/www.kchw.fr\/?page_id=38","og_site_name":"Club de karat\u00e9 Horbourg-Wihr, Colmar","article_modified_time":"2025-09-19T13:40:32+00:00","twitter_card":"summary_large_image","twitter_misc":{"Dur\u00e9e de lecture estim\u00e9e":"2 minutes"},"schema":{"@context":"https:\/\/schema.org","@graph":[{"@type":"WebPage","@id":"https:\/\/www.kchw.fr\/?page_id=38","url":"https:\/\/www.kchw.fr\/?page_id=38","name":"Horaires - Club de karat\u00e9 Horbourg-Wihr, Colmar","isPartOf":{"@id":"https:\/\/www.kchw.fr\/#website"},"datePublished":"2023-05-02T12:15:54+00:00","dateModified":"2025-09-19T13:40:32+00:00","breadcrumb":{"@id":"https:\/\/www.kchw.fr\/?page_id=38#breadcrumb"},"inLanguage":"fr-FR","potentialAction":[{"@type":"ReadAction","target":["https:\/\/www.kchw.fr\/?page_id=38"]}]},{"@type":"BreadcrumbList","@id":"https:\/\/www.kchw.fr\/?page_id=38#breadcrumb","itemListElement":[{"@type":"ListItem","position":1,"name":"Accueil","item":"https:\/\/www.kchw.fr\/"},{"@type":"ListItem","position":2,"name":"Horaires"}]},{"@type":"WebSite","@id":"https:\/\/www.kchw.fr\/#website","url":"https:\/\/www.kchw.fr\/","name":"Club de karat\u00e9 Horbourg-Wihr, Colmar","description":"Club de karat\u00e9  Horbourg-Wihr, Colmar","publisher":{"@id":"https:\/\/www.kchw.fr\/#organization"},"potentialAction":[{"@type":"SearchAction","target":{"@type":"EntryPoint","urlTemplate":"https:\/\/www.kchw.fr\/?s={search_term_string}"},"query-input":"required name=search_term_string"}],"inLanguage":"fr-FR"},{"@type":"Organization","@id":"https:\/\/www.kchw.fr\/#organization","name":"Club de karat\u00e9 Horbourg-Wihr, Colmar","url":"https:\/\/www.kchw.fr\/","logo":{"@type":"ImageObject","inLanguage":"fr-FR","@id":"https:\/\/www.kchw.fr\/#\/schema\/logo\/image\/","url":"https:\/\/www.kchw.fr\/wp-content\/uploads\/2023\/05\/logo.png","contentUrl":"https:\/\/www.kchw.fr\/wp-content\/uploads\/2023\/05\/logo.png","width":156,"height":40,"caption":"Club de karat\u00e9  Horbourg-Wihr, Colmar"},"image":{"@id":"https:\/\/www.kchw.fr\/#\/schema\/logo\/image\/"}}]}},"_links":{"self":[{"href":"https:\/\/www.kchw.fr\/index.php?rest_route=\/wp\/v2\/pages\/38","targetHints":{"allow":["GET"]}}],"collection":[{"href":"https:\/\/www.kchw.fr\/index.php?rest_route=\/wp\/v2\/pages"}],"about":[{"href":"https:\/\/www.kchw.fr\/index.php?rest_route=\/wp\/v2\/types\/page"}],"author":[{"embeddable":true,"href":"https:\/\/www.kchw.fr\/index.php?rest_route=\/wp\/v2\/users\/1"}],"replies":[{"embeddable":true,"href":"https:\/\/www.kchw.fr\/index.php?rest_route=%2Fwp%2Fv2%2Fcomments&post=38"}],"version-history":[{"count":79,"href":"https:\/\/www.kchw.fr\/index.php?rest_route=\/wp\/v2\/pages\/38\/revisions"}],"predecessor-version":[{"id":1699,"href":"https:\/\/www.kchw.fr\/index.php?rest_route=\/wp\/v2\/pages\/38\/revisions\/1699"}],"wp:attachment":[{"href":"https:\/\/www.kchw.fr\/index.php?rest_route=%2Fwp%2Fv2%2Fmedia&parent=38"}],"curies":[{"name":"wp","href":"https:\/\/api.w.org\/{rel}","templated":true}]}}